{"version":"1.0","provider_name":"germandoors","provider_url":"https:\/\/germandoors.biz\/innentueren","author_name":"EkpomaOfficeADZI","author_url":"https:\/\/germandoors.biz\/innentueren\/author\/ekpomaofficeadzi\/","title":"dext\u00fcra Glas-\/Linent\u00fcr VV38 | ViVa Innent\u00fcr &#8212; germandoors","type":"rich","width":600,"height":338,"html":"<blockquote class=\"wp-embedded-content\" data-secret=\"AwPNvvsLBb\"><a href=\"https:\/\/germandoors.biz\/innentueren\/tueren\/dextuera-glas-linentuer-vv38-viva-innentuer\/\">dext\u00fcra Glas-\/Linent\u00fcr VV38 | ViVa Innent\u00fcr<\/a><\/blockquote><iframe sandbox=\"allow-scripts\" security=\"restricted\" src=\"https:\/\/germandoors.biz\/innentueren\/tueren\/dextuera-glas-linentuer-vv38-viva-innentuer\/embed\/#?secret=AwPNvvsLBb\" width=\"600\" height=\"338\" title=\"&#8222;dext\u00fcra Glas-\/Linent\u00fcr VV38 | ViVa Innent\u00fcr&#8220; &#8211; germandoors\" data-secret=\"AwPNvvsLBb\" frameborder=\"0\" marginwidth=\"0\" marginheight=\"0\" scrolling=\"no\" class=\"wp-embedded-content\"><\/iframe><script type=\"text\/javascript\">\n\/* <![CDATA[ *\/\n\/*! This file is auto-generated *\/\n!function(d,l){\"use strict\";l.querySelector&&d.addEventListener&&\"undefined\"!=typeof URL&&(d.wp=d.wp||{},d.wp.receiveEmbedMessage||(d.wp.receiveEmbedMessage=function(e){var t=e.data;if((t||t.secret||t.message||t.value)&&!\/[^a-zA-Z0-9]\/.test(t.secret)){for(var s,r,n,a=l.querySelectorAll('iframe[data-secret=\"'+t.secret+'\"]'),o=l.querySelectorAll('blockquote[data-secret=\"'+t.secret+'\"]'),c=new RegExp(\"^https?:$\",\"i\"),i=0;i<o.length;i++)o[i].style.display=\"none\";for(i=0;i<a.length;i++)s=a[i],e.source===s.contentWindow&&(s.removeAttribute(\"style\"),\"height\"===t.message?(1e3<(r=parseInt(t.value,10))?r=1e3:~~r<200&&(r=200),s.height=r):\"link\"===t.message&&(r=new URL(s.getAttribute(\"src\")),n=new URL(t.value),c.test(n.protocol))&&n.host===r.host&&l.activeElement===s&&(d.top.location.href=t.value))}},d.addEventListener(\"message\",d.wp.receiveEmbedMessage,!1),l.addEventListener(\"DOMContentLoaded\",function(){for(var e,t,s=l.querySelectorAll(\"iframe.wp-embedded-content\"),r=0;r<s.length;r++)(t=(e=s[r]).getAttribute(\"data-secret\"))||(t=Math.random().toString(36).substring(2,12),e.src+=\"#?secret=\"+t,e.setAttribute(\"data-secret\",t)),e.contentWindow.postMessage({message:\"ready\",secret:t},\"*\")},!1)))}(window,document);\n\/* ]]> *\/\n<\/script>\n","thumbnail_url":"https:\/\/germandoors.biz\/innentueren\/wp-content\/uploads\/2024\/06\/Glas-Linientuer-VV38-ViVa.png","thumbnail_width":754,"thumbnail_height":1594,"description":"Die Glas-\/Linient\u00fcr VV38 zeichnet sich durch ein minimalistisches Design aus, das Ihr Interieur m\u00fchelos schm\u00fcckt. Sie k\u00f6nnen bei dieser T\u00fcr zwischen zwei Linienvarianten w\u00e4hlen. Kombinieren Sie diese T\u00fcr mit der Linient\u00fcr VV14 f\u00fcr eine harmonische Einheit in Ihrem Interieur.  Vorteile: Glas-\/Linent\u00fcr VV38 | ViVa    Oberfl\u00e4che: Lackierte  Farbton: Reinwei\u00df, Extrawei\u00df.  Kanten: Gef\u00e4lzt, Stumpf.  Kantenausf\u00fchrung: Rundkante, Kante Eckig.  T\u00fcrst\u00e4rke: Ca. 39 mm  Mittelage: ISK 1  Gefalzte T\u00fcren werden Standard mit einem Schlo\u00df und B\u00e4nder versehen.  100% l\u00f6semittelfrei  Farbe (Glas)rahmen: Wei\u00df, Grau  Glassorte: Klarglas, Satiniert, Klarglas grau, Klarglas bronze, Mastercarr\u00e9, Masterpoint, Masterligne, Silvit wei\u00df, Chinchilla, Gesandstrahlt mit Klarrand"}